{"version":"1.0","provider_name":"Le Magazine de Proantic","provider_url":"https:\/\/www.proantic.com\/magazine","author_name":"C\u00e9line Autant","author_url":"https:\/\/www.proantic.com\/magazine\/author\/goya\/","title":"Jos\u00e9phine, la passion des fleurs et des oiseaux Le Magazine de Proantic","type":"rich","width":600,"height":338,"html":"<blockquote class=\"wp-embedded-content\" data-secret=\"hDspfwDd4p\"><a href=\"https:\/\/www.proantic.com\/magazine\/josephine-passion-fleurs-oiseaux\/\">Jos\u00e9phine, la passion des fleurs et des oiseaux<\/a><\/blockquote><iframe sandbox=\"allow-scripts\" security=\"restricted\" src=\"https:\/\/www.proantic.com\/magazine\/josephine-passion-fleurs-oiseaux\/embed\/#?secret=hDspfwDd4p\" width=\"600\" height=\"338\" title=\"\u00ab\u00a0Jos\u00e9phine, la passion des fleurs et des oiseaux\u00a0\u00bb &#8212; Le Magazine de Proantic\" data-secret=\"hDspfwDd4p\" frameborder=\"0\" marginwidth=\"0\" marginheight=\"0\" scrolling=\"no\" class=\"wp-embedded-content\"><\/iframe><script type=\"text\/javascript\">\n\/* <![CDATA[ *\/\n\/*! This file is auto-generated *\/\n!function(d,l){\"use strict\";l.querySelector&&d.addEventListener&&\"undefined\"!=typeof URL&&(d.wp=d.wp||{},d.wp.receiveEmbedMessage||(d.wp.receiveEmbedMessage=function(e){var t=e.data;if((t||t.secret||t.message||t.value)&&!\/[^a-zA-Z0-9]\/.test(t.secret)){for(var s,r,n,a=l.querySelectorAll('iframe[data-secret=\"'+t.secret+'\"]'),o=l.querySelectorAll('blockquote[data-secret=\"'+t.secret+'\"]'),c=new RegExp(\"^https?:$\",\"i\"),i=0;i<o.length;i++)o[i].style.display=\"none\";for(i=0;i<a.length;i++)s=a[i],e.source===s.contentWindow&&(s.removeAttribute(\"style\"),\"height\"===t.message?(1e3<(r=parseInt(t.value,10))?r=1e3:~~r<200&&(r=200),s.height=r):\"link\"===t.message&&(r=new URL(s.getAttribute(\"src\")),n=new URL(t.value),c.test(n.protocol))&&n.host===r.host&&l.activeElement===s&&(d.top.location.href=t.value))}},d.addEventListener(\"message\",d.wp.receiveEmbedMessage,!1),l.addEventListener(\"DOMContentLoaded\",function(){for(var e,t,s=l.querySelectorAll(\"iframe.wp-embedded-content\"),r=0;r<s.length;r++)(t=(e=s[r]).getAttribute(\"data-secret\"))||(t=Math.random().toString(36).substring(2,12),e.src+=\"#?secret=\"+t,e.setAttribute(\"data-secret\",t)),e.contentWindow.postMessage({message:\"ready\",secret:t},\"*\")},!1)))}(window,document);\n\/\/# sourceURL=https:\/\/www.proantic.com\/magazine\/wp-includes\/js\/wp-embed.min.js\n\/* ]]> *\/\n<\/script>\n","thumbnail_url":"https:\/\/i0.wp.com\/www.proantic.com\/magazine\/wp-content\/uploads\/2014\/05\/kliop.jpg?fit=460%2C550&ssl=1","thumbnail_width":460,"thumbnail_height":550,"description":"2 avril \u2013 30 juin 2014 Mus\u00e9e national des ch\u00e2teaux de Malmaison et Bois Pr\u00e9au. Elle se nommait Rose. Ce pr\u00e9nom, elle l'avait re\u00e7u \u00e0 sa naissance, en hommage \u00e0 ses grands-parents Tascher et \u00e0 cette sainte de Lima que le pape Cl\u00e9ment X avait donn\u00e9e en 1671 comme patronne \u00e0 l'Am\u00e9rique. Mais Napol\u00e9on, qui le trouvait niais, avait exig\u00e9 qu'elle en change\u00e2t avant de l'\u00e9pouser."}